{"id":195454,"date":"2024-06-28T15:18:23","date_gmt":"2024-06-28T20:18:23","guid":{"rendered":"https:\/\/www.movemobility.ca\/?page_id=195454"},"modified":"2024-06-28T15:19:25","modified_gmt":"2024-06-28T20:19:25","slug":"entree-laterale-dodge-grand-caravan-rec","status":"publish","type":"page","link":"https:\/\/www.movemobility.ca\/fr\/side-entry-dodge-grand-caravan-rec\/","title":{"rendered":"Side Entry Dodge Grand Caravan Recommendation"},"content":{"rendered":"<div data-elementor-type=\"wp-page\" data-elementor-id=\"195454\" class=\"elementor elementor-195454\" data-elementor-post-type=\"page\">\n\t\t\t\t\t\t<section class=\"elementor-section elementor-top-section elementor-element elementor-element-31df64b elementor-section-full_width elementor-section-height-default elementor-section-height-default\" data-id=\"31df64b\" data-element_type=\"section\" data-e-type=\"section\">\n\t\t\t\t\t\t<div class=\"elementor-container elementor-column-gap-no\">\n\t\t\t\t\t<div class=\"elementor-column elementor-col-100 elementor-top-column elementor-element elementor-element-2c70124\" data-id=\"2c70124\" data-element_type=\"column\" data-e-type=\"column\">\n\t\t\t<div class=\"elementor-widget-wrap elementor-element-populated\">\n\t\t\t\t\t\t<div class=\"elementor-element elementor-element-d358519 elementor--h-position-center elementor--v-position-middle elementor-widget elementor-widget-slides\" data-id=\"d358519\" data-element_type=\"widget\" data-e-type=\"widget\" data-settings=\"{&quot;navigation&quot;:&quot;none&quot;,&quot;transition&quot;:&quot;slide&quot;,&quot;transition_speed&quot;:500}\" data-widget_type=\"slides.default\">\n\t\t\t\t\t\t\t\t\t\t<div class=\"elementor-slides-wrapper elementor-main-swiper swiper\" role=\"region\" aria-roledescription=\"carousel\" aria-label=\"Diapositives\" dir=\"ltr\" data-animation=\"\">\n\t\t\t\t<div class=\"swiper-wrapper elementor-slides\">\n\t\t\t\t\t\t\t\t\t\t<div class=\"elementor-repeater-item-b5bd90c swiper-slide\" role=\"group\" aria-roledescription=\"slide\"><div class=\"swiper-slide-bg\" role=\"img\" aria-label=\"Entr\u00e9e lat\u00e9rale Chrysler Grand Caravan\"><\/div><div class=\"elementor-background-overlay\"><\/div><div class=\"swiper-slide-inner\" ><div class=\"swiper-slide-contents\"><div class=\"elementor-slide-heading\">Merci d'avoir r\u00e9pondu \u00e0 notre questionnaire<\/div><div class=\"elementor-slide-description\">En fonction de vos r\u00e9ponses, voici les v\u00e9hicules qui correspondent le mieux \u00e0 vos besoins...<\/div><\/div><\/div><\/div>\t\t\t\t<\/div>\n\t\t\t\t\t\t\t<\/div>\n\t\t\t\t\t\t\t\t<\/div>\n\t\t\t\t\t<\/div>\n\t\t<\/div>\n\t\t\t\t\t<\/div>\n\t\t<\/section>\n\t\t\t\t<section class=\"elementor-section elementor-top-section elementor-element elementor-element-405a687 elementor-section-boxed elementor-section-height-default elementor-section-height-default\" data-id=\"405a687\" data-element_type=\"section\" data-e-type=\"section\" data-settings=\"{&quot;background_background&quot;:&quot;classic&quot;}\">\n\t\t\t\t\t\t\t<div class=\"elementor-background-overlay\"><\/div>\n\t\t\t\t\t\t\t<div class=\"elementor-container elementor-column-gap-default\">\n\t\t\t\t\t<div class=\"elementor-column elementor-col-100 elementor-top-column elementor-element elementor-element-577a183\" data-id=\"577a183\" data-element_type=\"column\" data-e-type=\"column\">\n\t\t\t<div class=\"elementor-widget-wrap\">\n\t\t\t\t\t\t\t<\/div>\n\t\t<\/div>\n\t\t\t\t\t<\/div>\n\t\t<\/section>\n\t\t\t\t<section class=\"elementor-section elementor-top-section elementor-element elementor-element-844de1b elementor-section-boxed elementor-section-height-default elementor-section-height-default\" data-id=\"844de1b\" data-element_type=\"section\" data-e-type=\"section\">\n\t\t\t\t\t\t<div class=\"elementor-container elementor-column-gap-no\">\n\t\t\t\t\t<div class=\"elementor-column elementor-col-50 elementor-top-column elementor-element elementor-element-d62b0c2\" data-id=\"d62b0c2\" data-element_type=\"column\" data-e-type=\"column\">\n\t\t\t<div class=\"elementor-widget-wrap elementor-element-populated\">\n\t\t\t\t\t\t<div class=\"elementor-element elementor-element-0ef5e2b elementor-widget elementor-widget-heading\" data-id=\"0ef5e2b\" data-element_type=\"widget\" data-e-type=\"widget\" data-widget_type=\"heading.default\">\n\t\t\t\t\t<h1 class=\"elementor-heading-title elementor-size-default\"><span style=\"font-size: 24px\">Entr\u00e9e lat\u00e9rale Chrysler Grand Caravan<\/span><\/h1>\t\t\t\t<\/div>\n\t\t\t\t<div class=\"elementor-element elementor-element-1e49b78 elementor-widget elementor-widget-text-editor\" data-id=\"1e49b78\" data-element_type=\"widget\" data-e-type=\"widget\" data-widget_type=\"text-editor.default\">\n\t\t\t\t\t\t\t\t\t<p><span style=\"font-weight: 400;\">Le fourgon pour fauteuils roulants Side Entry Chrysler Grand Caravan est une excellente option pour vous si vous \u00eates un programme de transport qui a besoin d'un acc\u00e8s lat\u00e9ral.<\/span><\/p><p><span style=\"font-weight: 400;\">Ce fourgon commercial \u00e0 entr\u00e9e lat\u00e9rale pour fauteuils roulants offre jusqu'\u00e0 deux places pour les fauteuils roulants et peut \u00e9galement accueillir des passagers ambulatoires. Vous pouvez s\u00e9curiser les utilisateurs de fauteuils roulants dans la position du passager avant.<\/span><\/p><p><span style=\"font-weight: 400;\">La Chrysler Grand Caravan \u00e0 acc\u00e8s lat\u00e9ral est disponible sur les mod\u00e8les 2022 et plus r\u00e9cents, en fonction de la disponibilit\u00e9 du ch\u00e2ssis.<\/span><\/p>\t\t\t\t\t\t\t\t<\/div>\n\t\t\t\t<div class=\"elementor-element elementor-element-c520e3a elementor-mobile-align-start elementor-icon-list--layout-traditional elementor-list-item-link-full_width elementor-widget elementor-widget-icon-list\" data-id=\"c520e3a\" data-element_type=\"widget\" data-e-type=\"widget\" data-widget_type=\"icon-list.default\">\n\t\t\t\t\t\t\t<ul class=\"elementor-icon-list-items\">\n\t\t\t\t\t\t\t<li class=\"elementor-icon-list-item\">\n\t\t\t\t\t\t\t\t\t\t\t<span class=\"elementor-icon-list-icon\">\n\t\t\t\t\t\t\t<i aria-hidden=\"true\" class=\"fas fa-check\"><\/i>\t\t\t\t\t\t<\/span>\n\t\t\t\t\t\t\t\t\t\t<span class=\"elementor-icon-list-text\">Fonctionnement manuel de la rampe<\/span>\n\t\t\t\t\t\t\t\t\t<\/li>\n\t\t\t\t\t\t\t\t<li class=\"elementor-icon-list-item\">\n\t\t\t\t\t\t\t\t\t\t\t<span class=\"elementor-icon-list-icon\">\n\t\t\t\t\t\t\t<i aria-hidden=\"true\" class=\"fas fa-check\"><\/i>\t\t\t\t\t\t<\/span>\n\t\t\t\t\t\t\t\t\t\t<span class=\"elementor-icon-list-text\">Acc\u00e8s pour les personnes ambulatoires et les fauteuils roulants<\/span>\n\t\t\t\t\t\t\t\t\t<\/li>\n\t\t\t\t\t\t\t\t<li class=\"elementor-icon-list-item\">\n\t\t\t\t\t\t\t\t\t\t\t<span class=\"elementor-icon-list-icon\">\n\t\t\t\t\t\t\t<i aria-hidden=\"true\" class=\"fas fa-check\"><\/i>\t\t\t\t\t\t<\/span>\n\t\t\t\t\t\t\t\t\t\t<span class=\"elementor-icon-list-text\">L'encombrement r\u00e9duit facilite la conduite en ville<\/span>\n\t\t\t\t\t\t\t\t\t<\/li>\n\t\t\t\t\t\t\t\t<li class=\"elementor-icon-list-item\">\n\t\t\t\t\t\t\t\t\t\t\t<span class=\"elementor-icon-list-icon\">\n\t\t\t\t\t\t\t<i aria-hidden=\"true\" class=\"fas fa-check\"><\/i>\t\t\t\t\t\t<\/span>\n\t\t\t\t\t\t\t\t\t\t<span class=\"elementor-icon-list-text\">Pas de c\u00e2bles \u00e9lectriques<\/span>\n\t\t\t\t\t\t\t\t\t<\/li>\n\t\t\t\t\t\t\t\t<li class=\"elementor-icon-list-item\">\n\t\t\t\t\t\t\t\t\t\t\t<span class=\"elementor-icon-list-icon\">\n\t\t\t\t\t\t\t<i aria-hidden=\"true\" class=\"fas fa-check\"><\/i>\t\t\t\t\t\t<\/span>\n\t\t\t\t\t\t\t\t\t\t<span class=\"elementor-icon-list-text\">Maintien de la qualit\u00e9 de roulement de l'\u00e9quipement d'origine<\/span>\n\t\t\t\t\t\t\t\t\t<\/li>\n\t\t\t\t\t\t\t\t<li class=\"elementor-icon-list-item\">\n\t\t\t\t\t\t\t\t\t\t\t<span class=\"elementor-icon-list-icon\">\n\t\t\t\t\t\t\t<i aria-hidden=\"true\" class=\"fas fa-check\"><\/i>\t\t\t\t\t\t<\/span>\n\t\t\t\t\t\t\t\t\t\t<span class=\"elementor-icon-list-text\">Certifi\u00e9 CMVSS et D409<\/span>\n\t\t\t\t\t\t\t\t\t<\/li>\n\t\t\t\t\t\t<\/ul>\n\t\t\t\t\t\t<\/div>\n\t\t\t\t<div class=\"elementor-element elementor-element-914d869 elementor-mobile-align-center elementor-widget elementor-widget-button\" data-id=\"914d869\" data-element_type=\"widget\" data-e-type=\"widget\" data-widget_type=\"button.default\">\n\t\t\t\t\t\t\t\t\t\t<a class=\"elementor-button elementor-button-link elementor-size-md\" href=\"#submit-form\">\n\t\t\t\t\t\t<span class=\"elementor-button-content-wrapper\">\n\t\t\t\t\t\t\t\t\t<span class=\"elementor-button-text\">Demande d'information<\/span>\n\t\t\t\t\t<\/span>\n\t\t\t\t\t<\/a>\n\t\t\t\t\t\t\t\t<\/div>\n\t\t\t\t\t<\/div>\n\t\t<\/div>\n\t\t\t\t<div class=\"elementor-column elementor-col-50 elementor-top-column elementor-element elementor-element-e3f6b56\" data-id=\"e3f6b56\" data-element_type=\"column\" data-e-type=\"column\">\n\t\t\t<div class=\"elementor-widget-wrap elementor-element-populated\">\n\t\t\t\t\t\t<div class=\"elementor-element elementor-element-111abec elementor-widget elementor-widget-heading\" data-id=\"111abec\" data-element_type=\"widget\" data-e-type=\"widget\" data-widget_type=\"heading.default\">\n\t\t\t\t\t<h2 class=\"elementor-heading-title elementor-size-default\">Mod\u00e8le du v\u00e9hicule : Chrysler Grand Caravan<\/h2>\t\t\t\t<\/div>\n\t\t\t\t<div class=\"elementor-element elementor-element-3f0d1d9 elementor-widget elementor-widget-image\" data-id=\"3f0d1d9\" data-element_type=\"widget\" data-e-type=\"widget\" data-widget_type=\"image.default\">\n\t\t\t\t\t\t\t\t\t\t\t\t<figure class=\"wp-caption\">\n\t\t\t\t\t\t\t\t\t\t<img fetchpriority=\"high\" decoding=\"async\" width=\"640\" height=\"426\" src=\"https:\/\/www.movemobility.ca\/wp-content\/uploads\/2022\/11\/Side-Entry-Chrysler-Grand-Caravan.jpg\" class=\"attachment-large size-large wp-image-122769\" alt=\"Entr\u00e9e lat\u00e9rale Chrysler Grand Caravan\" \/>\t\t\t\t\t\t\t\t\t\t\t<figcaption class=\"widget-image-caption wp-caption-text\"><\/figcaption>\n\t\t\t\t\t\t\t\t\t\t<\/figure>\n\t\t\t\t\t\t\t\t\t<\/div>\n\t\t\t\t\t<\/div>\n\t\t<\/div>\n\t\t\t\t\t<\/div>\n\t\t<\/section>\n\t\t\t\t<section class=\"elementor-section elementor-top-section elementor-element elementor-element-f9a3e57 elementor-section-boxed elementor-section-height-default elementor-section-height-default\" data-id=\"f9a3e57\" data-element_type=\"section\" data-e-type=\"section\">\n\t\t\t\t\t\t<div class=\"elementor-container elementor-column-gap-default\">\n\t\t\t\t\t<div class=\"elementor-column elementor-col-100 elementor-top-column elementor-element elementor-element-c2f680f\" data-id=\"c2f680f\" data-element_type=\"column\" data-e-type=\"column\">\n\t\t\t<div class=\"elementor-widget-wrap elementor-element-populated\">\n\t\t\t\t\t\t<div class=\"elementor-element elementor-element-6a3f1ca elementor-tabs-view-horizontal elementor-widget elementor-widget-tabs\" data-id=\"6a3f1ca\" data-element_type=\"widget\" data-e-type=\"widget\" data-widget_type=\"tabs.default\">\n\t\t\t\t\t\t\t<div class=\"elementor-tabs\">\n\t\t\t<div class=\"elementor-tabs-wrapper\" role=\"tablist\" >\n\t\t\t\t\t\t\t\t\t<div id=\"elementor-tab-title-1111\" class=\"elementor-tab-title elementor-tab-desktop-title\" aria-selected=\"true\" data-tab=\"1\" role=\"tab\" tabindex=\"0\" aria-controls=\"elementor-tab-content-1111\" aria-expanded=\"false\">Sp\u00e9cifications de la Chrysler Grand Caravan<\/div>\n\t\t\t\t\t\t\t\t\t<div id=\"elementor-tab-title-1112\" class=\"elementor-tab-title elementor-tab-desktop-title\" aria-selected=\"false\" data-tab=\"2\" role=\"tab\" tabindex=\"-1\" aria-controls=\"elementor-tab-content-1112\" aria-expanded=\"false\">Sp\u00e9cifications de la conversion en entr\u00e9e lat\u00e9rale<\/div>\n\t\t\t\t\t\t\t\t\t<div id=\"elementor-tab-title-1113\" class=\"elementor-tab-title elementor-tab-desktop-title\" aria-selected=\"false\" data-tab=\"3\" role=\"tab\" tabindex=\"-1\" aria-controls=\"elementor-tab-content-1113\" aria-expanded=\"false\">Options de si\u00e8ges<\/div>\n\t\t\t\t\t\t\t\t\t<div id=\"elementor-tab-title-1114\" class=\"elementor-tab-title elementor-tab-desktop-title\" aria-selected=\"false\" data-tab=\"4\" role=\"tab\" tabindex=\"-1\" aria-controls=\"elementor-tab-content-1114\" aria-expanded=\"false\">Syst\u00e8mes de retenue pour fauteuils roulants<\/div>\n\t\t\t\t\t\t\t\t\t<div id=\"elementor-tab-title-1115\" class=\"elementor-tab-title elementor-tab-desktop-title\" aria-selected=\"false\" data-tab=\"5\" role=\"tab\" tabindex=\"-1\" aria-controls=\"elementor-tab-content-1115\" aria-expanded=\"false\">Dimensions<\/div>\n\t\t\t\t\t\t\t\t\t<div id=\"elementor-tab-title-1116\" class=\"elementor-tab-title elementor-tab-desktop-title\" aria-selected=\"false\" data-tab=\"6\" role=\"tab\" tabindex=\"-1\" aria-controls=\"elementor-tab-content-1116\" aria-expanded=\"false\">Tarification<\/div>\n\t\t\t\t\t\t\t<\/div>\n\t\t\t<div class=\"elementor-tabs-content-wrapper\" role=\"tablist\" aria-orientation=\"vertical\">\n\t\t\t\t\t\t\t\t\t<div class=\"elementor-tab-title elementor-tab-mobile-title\" aria-selected=\"true\" data-tab=\"1\" role=\"tab\" tabindex=\"0\" aria-controls=\"elementor-tab-content-1111\" aria-expanded=\"false\">Sp\u00e9cifications de la Chrysler Grand Caravan<\/div>\n\t\t\t\t\t<div id=\"elementor-tab-content-1111\" class=\"elementor-tab-content elementor-clearfix\" data-tab=\"1\" role=\"tabpanel\" aria-labelledby=\"elementor-tab-title-1111\" tabindex=\"0\" hidden=\"false\"><ul><li style=\"font-weight: 400;\" aria-level=\"1\"><span style=\"font-weight: 400;\">Moteur V6 Pentastar 3.6L<\/span><\/li><li style=\"font-weight: 400;\" aria-level=\"1\"><span style=\"font-weight: 400;\">La traction avant offre une excellente adh\u00e9rence sur la neige et le verglas.<\/span><\/li><li style=\"font-weight: 400;\" aria-level=\"1\"><span style=\"font-weight: 400;\">Cam\u00e9ra de recul pour faciliter la marche arri\u00e8re<\/span><\/li><li style=\"font-weight: 400;\" aria-level=\"1\"><span style=\"font-weight: 400;\">D\u00e9marrage \u00e0 distance<\/span><\/li><li style=\"font-weight: 400;\" aria-level=\"1\"><span style=\"font-weight: 400;\">Chauffage et climatisation \u00e0 l'avant et \u00e0 l'arri\u00e8re<\/span><\/li><li style=\"font-weight: 400;\" aria-level=\"1\"><span style=\"font-weight: 400;\">Aucune licence suppl\u00e9mentaire n'est requise<br \/><br \/><\/span><\/li><\/ul><p><span style=\"font-weight: 400;\">*Les options OEM list\u00e9es ci-dessus sont standard mais peuvent varier en fonction de la disponibilit\u00e9.<\/span><\/p><\/div>\n\t\t\t\t\t\t\t\t\t<div class=\"elementor-tab-title elementor-tab-mobile-title\" aria-selected=\"false\" data-tab=\"2\" role=\"tab\" tabindex=\"-1\" aria-controls=\"elementor-tab-content-1112\" aria-expanded=\"false\">Sp\u00e9cifications de la conversion en entr\u00e9e lat\u00e9rale<\/div>\n\t\t\t\t\t<div id=\"elementor-tab-content-1112\" class=\"elementor-tab-content elementor-clearfix\" data-tab=\"2\" role=\"tabpanel\" aria-labelledby=\"elementor-tab-title-1112\" tabindex=\"0\" hidden=\"hidden\"><ul><li style=\"font-weight: 400;\" aria-level=\"1\"><span style=\"font-weight: 400;\">Fonctionnement manuel de la rampe pliante<\/span><\/li><li style=\"font-weight: 400;\" aria-level=\"1\"><span style=\"font-weight: 400;\">Rampe d'acc\u00e8s pivotante pour faciliter l'acc\u00e8s des cavaliers.<\/span><\/li><li style=\"font-weight: 400;\" aria-level=\"1\"><span style=\"font-weight: 400;\">Capacit\u00e9 de rampe de 1 000 livres<\/span><\/li><li style=\"font-weight: 400;\" aria-level=\"1\"><span style=\"font-weight: 400;\">Le rev\u00eatement industriel robuste r\u00e9siste \u00e0 l'usure quotidienne.<\/span><\/li><li style=\"font-weight: 400;\" aria-level=\"1\"><span style=\"font-weight: 400;\">Rampe d\u00e9coup\u00e9e pour plus d'adh\u00e9rence et de stabilit\u00e9 en hiver<\/span><\/li><li style=\"font-weight: 400;\" aria-level=\"1\"><span style=\"font-weight: 400;\">Deux positions de fauteuil roulant<\/span><\/li><li style=\"font-weight: 400;\" aria-level=\"1\"><span style=\"font-weight: 400;\">Int\u00e9rieur nettoyable \u00e0 l'aide d'un chiffon pour faciliter l'entretien<\/span><\/li><li style=\"font-weight: 400;\" aria-level=\"1\"><span style=\"font-weight: 400;\">Certifi\u00e9 D409<\/span><\/li><li style=\"font-weight: 400;\" aria-level=\"1\"><span style=\"font-weight: 400;\">Conversion de BraunAbility<\/span><\/li><\/ul><\/div>\n\t\t\t\t\t\t\t\t\t<div class=\"elementor-tab-title elementor-tab-mobile-title\" aria-selected=\"false\" data-tab=\"3\" role=\"tab\" tabindex=\"-1\" aria-controls=\"elementor-tab-content-1113\" aria-expanded=\"false\">Options de si\u00e8ges<\/div>\n\t\t\t\t\t<div id=\"elementor-tab-content-1113\" class=\"elementor-tab-content elementor-clearfix\" data-tab=\"3\" role=\"tabpanel\" aria-labelledby=\"elementor-tab-title-1113\" tabindex=\"0\" hidden=\"hidden\"><ul><li style=\"font-weight: 400;\" aria-level=\"1\"><span style=\"font-weight: 400;\">Banquette arri\u00e8re pour 3 personnes avec repose-pieds rabattable<\/span><\/li><li style=\"font-weight: 400;\" aria-level=\"1\"><span style=\"font-weight: 400;\">Si\u00e8ge passager amovible<\/span><\/li><\/ul><\/div>\n\t\t\t\t\t\t\t\t\t<div class=\"elementor-tab-title elementor-tab-mobile-title\" aria-selected=\"false\" data-tab=\"4\" role=\"tab\" tabindex=\"-1\" aria-controls=\"elementor-tab-content-1114\" aria-expanded=\"false\">Syst\u00e8mes de retenue pour fauteuils roulants<\/div>\n\t\t\t\t\t<div id=\"elementor-tab-content-1114\" class=\"elementor-tab-content elementor-clearfix\" data-tab=\"4\" role=\"tabpanel\" aria-labelledby=\"elementor-tab-title-1114\" tabindex=\"0\" hidden=\"hidden\"><ul><li style=\"font-weight: 400;\" aria-level=\"1\"><span style=\"font-weight: 400;\">Kit de retenue de fauteuil roulant \u00e0 4 points par occupant<\/span><\/li><li style=\"font-weight: 400;\" aria-level=\"1\"><span style=\"font-weight: 400;\">Syst\u00e8me de tension manuel<\/span><\/li><li style=\"font-weight: 400;\" aria-level=\"1\"><span style=\"font-weight: 400;\">Fixation au sol de type rondelle pour un retrait facile<\/span><\/li><li style=\"font-weight: 400;\" aria-level=\"1\"><span style=\"font-weight: 400;\">Les ceintures abdominales et \u00e9pauli\u00e8res font office de ceinture de s\u00e9curit\u00e9 pour l'occupant du fauteuil roulant.<\/span><\/li><li style=\"font-weight: 400;\" aria-level=\"1\"><span style=\"font-weight: 400;\">Test\u00e9 par le CMVSS<\/span><\/li><\/ul><\/div>\n\t\t\t\t\t\t\t\t\t<div class=\"elementor-tab-title elementor-tab-mobile-title\" aria-selected=\"false\" data-tab=\"5\" role=\"tab\" tabindex=\"-1\" aria-controls=\"elementor-tab-content-1115\" aria-expanded=\"false\">Dimensions<\/div>\n\t\t\t\t\t<div id=\"elementor-tab-content-1115\" class=\"elementor-tab-content elementor-clearfix\" data-tab=\"5\" role=\"tabpanel\" aria-labelledby=\"elementor-tab-title-1115\" tabindex=\"0\" hidden=\"hidden\"><ul><li style=\"font-weight: 400;\" aria-level=\"1\"><span style=\"font-weight: 400;\">Largeur de la porte : 31<\/span><\/li><li style=\"font-weight: 400;\" aria-level=\"1\"><span style=\"font-weight: 400;\">Hauteur de la porte : 56<\/span><\/li><li style=\"font-weight: 400;\" aria-level=\"1\"><span style=\"font-weight: 400;\">Hauteur libre int\u00e9rieure : 60<\/span><\/li><li style=\"font-weight: 400;\" aria-level=\"1\"><span style=\"font-weight: 400;\">Largeur de la rampe : 30<\/span><\/li><\/ul><\/div>\n\t\t\t\t\t\t\t\t\t<div class=\"elementor-tab-title elementor-tab-mobile-title\" aria-selected=\"false\" data-tab=\"6\" role=\"tab\" tabindex=\"-1\" aria-controls=\"elementor-tab-content-1116\" aria-expanded=\"false\">Tarification<\/div>\n\t\t\t\t\t<div id=\"elementor-tab-content-1116\" class=\"elementor-tab-content elementor-clearfix\" data-tab=\"6\" role=\"tabpanel\" aria-labelledby=\"elementor-tab-title-1116\" tabindex=\"0\" hidden=\"hidden\"><p><span style=\"font-weight: 400;\">Lisez notre article sur le co\u00fbt d'un monospace accessible aux personnes en fauteuil roulant en cliquant sur <a href=\"https:\/\/www.movemobility.ca\/fr\/ressources\/combien-coute-un-fourgon-pour-fauteuils-roulants\/\" target=\"_blank\" rel=\"noopener\">ici<\/a>.<\/span><\/p><\/div>\n\t\t\t\t\t\t\t<\/div>\n\t\t<\/div>\n\t\t\t\t\t\t<\/div>\n\t\t\t\t\t<\/div>\n\t\t<\/div>\n\t\t\t\t\t<\/div>\n\t\t<\/section>\n\t\t\t\t<section class=\"elementor-section elementor-top-section elementor-element elementor-element-0a4fd83 elementor-section-boxed elementor-section-height-default elementor-section-height-default\" data-id=\"0a4fd83\" data-element_type=\"section\" data-e-type=\"section\" data-settings=\"{&quot;background_background&quot;:&quot;classic&quot;}\">\n\t\t\t\t\t\t<div class=\"elementor-container elementor-column-gap-no\">\n\t\t\t\t\t<div class=\"elementor-column elementor-col-100 elementor-top-column elementor-element elementor-element-003bf26\" data-id=\"003bf26\" data-element_type=\"column\" data-e-type=\"column\">\n\t\t\t<div class=\"elementor-widget-wrap elementor-element-populated\">\n\t\t\t\t\t\t<div class=\"elementor-element elementor-element-9ecb032 elementor-widget elementor-widget-heading\" data-id=\"9ecb032\" data-element_type=\"widget\" data-e-type=\"widget\" data-widget_type=\"heading.default\">\n\t\t\t\t\t<h2 class=\"elementor-heading-title elementor-size-default\">Entr\u00e9e lat\u00e9rale Chrysler Grand Caravan Images<\/h2>\t\t\t\t<\/div>\n\t\t\t\t<div class=\"elementor-element elementor-element-6de277c elementor-widget elementor-widget-text-editor\" data-id=\"6de277c\" data-element_type=\"widget\" data-e-type=\"widget\" data-widget_type=\"text-editor.default\">\n\t\t\t\t\t\t\t\t\t<p style=\"text-align: center;\" data-pm-slice=\"1 1 []\">Les produits pr\u00e9sent\u00e9s peuvent varier en fonction de leur disponibilit\u00e9<\/p>\t\t\t\t\t\t\t\t<\/div>\n\t\t\t\t<div class=\"elementor-element elementor-element-f28d18d elementor-arrows-position-outside elementor-widget elementor-widget-image-carousel\" data-id=\"f28d18d\" data-element_type=\"widget\" data-e-type=\"widget\" data-settings=\"{&quot;slides_to_show&quot;:&quot;3&quot;,&quot;navigation&quot;:&quot;arrows&quot;,&quot;speed&quot;:800,&quot;infinite&quot;:&quot;no&quot;,&quot;autoplay&quot;:&quot;no&quot;,&quot;slides_to_show_mobile&quot;:&quot;1&quot;,&quot;image_spacing_custom&quot;:{&quot;unit&quot;:&quot;px&quot;,&quot;size&quot;:20,&quot;sizes&quot;:[]},&quot;image_spacing_custom_tablet&quot;:{&quot;unit&quot;:&quot;px&quot;,&quot;size&quot;:&quot;&quot;,&quot;sizes&quot;:[]}}\" data-widget_type=\"image-carousel.default\">\n\t\t\t\t\t\t\t<div class=\"elementor-image-carousel-wrapper swiper\" role=\"region\" aria-roledescription=\"carousel\" aria-label=\"Carrousel d&#039;images\" dir=\"ltr\">\n\t\t\t<div class=\"elementor-image-carousel swiper-wrapper\" aria-live=\"polite\">\n\t\t\t\t\t\t\t\t<div class=\"swiper-slide\" role=\"group\" aria-roledescription=\"slide\" aria-label=\"1 de 4\"><a data-elementor-open-lightbox=\"yes\" data-elementor-lightbox-slideshow=\"f28d18d\" data-e-action-hash=\"#elementor-action%3Aaction%3Dlightbox%26settings%3DeyJpZCI6MTIyNzk1LCJ1cmwiOiJodHRwczpcL1wvd3d3Lm1vdmVtb2JpbGl0eS5jYVwvd3AtY29udGVudFwvdXBsb2Fkc1wvMjAyMlwvMTFcL1NpZGUtRW50cnktQ2hyeXNsZXItR3JhbmQtQ2FyYXZhbi0xLmpwZyIsInNsaWRlc2hvdyI6ImYyOGQxOGQifQ%3D%3D\" href=\"https:\/\/www.movemobility.ca\/wp-content\/uploads\/2022\/11\/Side-Entry-Chrysler-Grand-Caravan-1.jpg\"><figure class=\"swiper-slide-inner\"><img decoding=\"async\" class=\"swiper-slide-image smush-dimensions lazyload\" data-src=\"https:\/\/www.movemobility.ca\/wp-content\/uploads\/2022\/11\/Side-Entry-Chrysler-Grand-Caravan-1.jpg\" alt=\"Fourgon \u00e0 acc\u00e8s lat\u00e9ral pour fauteuils roulants Chrysler\" width=\"640\" style=\"--smush-image-width: 640px; --smush-image-aspect-ratio: 640\/426;\" src=\"data:image\/svg+xml;base64,PHN2ZyB3aWR0aD0iMSIgaGVpZ2h0PSIxIiB4bWxucz0iaHR0cDovL3d3dy53My5vcmcvMjAwMC9zdmciPjwvc3ZnPg==\" \/><\/figure><\/a><\/div><div class=\"swiper-slide\" role=\"group\" aria-roledescription=\"slide\" aria-label=\"2 de 4\"><a data-elementor-open-lightbox=\"yes\" data-elementor-lightbox-slideshow=\"f28d18d\" data-e-action-hash=\"#elementor-action%3Aaction%3Dlightbox%26settings%3DeyJpZCI6MTIyNzk2LCJ1cmwiOiJodHRwczpcL1wvd3d3Lm1vdmVtb2JpbGl0eS5jYVwvd3AtY29udGVudFwvdXBsb2Fkc1wvMjAyMlwvMTFcL1NpZGUtRW50cnktQ2hyeXNsZXItR3JhbmQtQ2FyYXZhbi0yLmpwZyIsInNsaWRlc2hvdyI6ImYyOGQxOGQifQ%3D%3D\" href=\"https:\/\/www.movemobility.ca\/wp-content\/uploads\/2022\/11\/Side-Entry-Chrysler-Grand-Caravan-2.jpg\"><figure class=\"swiper-slide-inner\"><img decoding=\"async\" class=\"swiper-slide-image smush-dimensions lazyload\" data-src=\"https:\/\/www.movemobility.ca\/wp-content\/uploads\/2022\/11\/Side-Entry-Chrysler-Grand-Caravan-2.jpg\" alt=\"\" width=\"640\" style=\"--smush-image-width: 640px; --smush-image-aspect-ratio: 640\/426;\" src=\"data:image\/svg+xml;base64,PHN2ZyB3aWR0aD0iMSIgaGVpZ2h0PSIxIiB4bWxucz0iaHR0cDovL3d3dy53My5vcmcvMjAwMC9zdmciPjwvc3ZnPg==\" \/><\/figure><\/a><\/div><div class=\"swiper-slide\" role=\"group\" aria-roledescription=\"slide\" aria-label=\"3 de 4\"><a data-elementor-open-lightbox=\"yes\" data-elementor-lightbox-slideshow=\"f28d18d\" data-e-action-hash=\"#elementor-action%3Aaction%3Dlightbox%26settings%3DeyJpZCI6MTIyNzk3LCJ1cmwiOiJodHRwczpcL1wvd3d3Lm1vdmVtb2JpbGl0eS5jYVwvd3AtY29udGVudFwvdXBsb2Fkc1wvMjAyMlwvMTFcL1NpZGUtRW50cnktQ2hyeXNsZXItR3JhbmQtQ2FyYXZhbi0zLmpwZyIsInNsaWRlc2hvdyI6ImYyOGQxOGQifQ%3D%3D\" href=\"https:\/\/www.movemobility.ca\/wp-content\/uploads\/2022\/11\/Side-Entry-Chrysler-Grand-Caravan-3.jpg\"><figure class=\"swiper-slide-inner\"><img decoding=\"async\" class=\"swiper-slide-image smush-dimensions lazyload\" data-src=\"https:\/\/www.movemobility.ca\/wp-content\/uploads\/2022\/11\/Side-Entry-Chrysler-Grand-Caravan-3.jpg\" alt=\"\" width=\"640\" style=\"--smush-image-width: 640px; --smush-image-aspect-ratio: 640\/426;\" src=\"data:image\/svg+xml;base64,PHN2ZyB3aWR0aD0iMSIgaGVpZ2h0PSIxIiB4bWxucz0iaHR0cDovL3d3dy53My5vcmcvMjAwMC9zdmciPjwvc3ZnPg==\" \/><\/figure><\/a><\/div><div class=\"swiper-slide\" role=\"group\" aria-roledescription=\"slide\" aria-label=\"4 de 4\"><a data-elementor-open-lightbox=\"yes\" data-elementor-lightbox-slideshow=\"f28d18d\" data-elementor-lightbox-title=\"Wheelchair Accessible van\" data-e-action-hash=\"#elementor-action%3Aaction%3Dlightbox%26settings%3DeyJpZCI6MTIyNzk4LCJ1cmwiOiJodHRwczpcL1wvd3d3Lm1vdmVtb2JpbGl0eS5jYVwvd3AtY29udGVudFwvdXBsb2Fkc1wvMjAyMlwvMTFcL1NpZGUtRW50cnktQ2hyeXNsZXItR3JhbmQtQ2FyYXZhbi00LmpwZyIsInNsaWRlc2hvdyI6ImYyOGQxOGQifQ%3D%3D\" href=\"https:\/\/www.movemobility.ca\/wp-content\/uploads\/2022\/11\/Side-Entry-Chrysler-Grand-Caravan-4.jpg\"><figure class=\"swiper-slide-inner\"><img decoding=\"async\" class=\"swiper-slide-image smush-dimensions lazyload\" data-src=\"https:\/\/www.movemobility.ca\/wp-content\/uploads\/2022\/11\/Side-Entry-Chrysler-Grand-Caravan-4.jpg\" alt=\"Fourgon \u00e0 entr\u00e9e lat\u00e9rale\" width=\"640\" style=\"--smush-image-width: 640px; --smush-image-aspect-ratio: 640\/426;\" src=\"data:image\/svg+xml;base64,PHN2ZyB3aWR0aD0iMSIgaGVpZ2h0PSIxIiB4bWxucz0iaHR0cDovL3d3dy53My5vcmcvMjAwMC9zdmciPjwvc3ZnPg==\" \/><\/figure><\/a><\/div>\t\t\t<\/div>\n\t\t\t\t\t\t\t\t\t\t\t\t<div class=\"elementor-swiper-button elementor-swiper-button-prev\" role=\"button\" tabindex=\"0\">\n\t\t\t\t\t\t<i aria-hidden=\"true\" class=\"eicon-chevron-left\"><\/i>\t\t\t\t\t<\/div>\n\t\t\t\t\t<div class=\"elementor-swiper-button elementor-swiper-button-next\" role=\"button\" tabindex=\"0\">\n\t\t\t\t\t\t<i aria-hidden=\"true\" class=\"eicon-chevron-right\"><\/i>\t\t\t\t\t<\/div>\n\t\t\t\t\n\t\t\t\t\t\t\t\t\t<\/div>\n\t\t\t\t\t\t<\/div>\n\t\t\t\t\t<\/div>\n\t\t<\/div>\n\t\t\t\t\t<\/div>\n\t\t<\/section>\n\t\t\t\t<section class=\"elementor-section elementor-top-section elementor-element elementor-element-18b7696 elementor-section-boxed elementor-section-height-default elementor-section-height-default\" data-id=\"18b7696\" data-element_type=\"section\" data-e-type=\"section\" data-settings=\"{&quot;background_background&quot;:&quot;classic&quot;}\">\n\t\t\t\t\t\t<div class=\"elementor-container elementor-column-gap-default\">\n\t\t\t\t\t<div class=\"elementor-column elementor-col-100 elementor-top-column elementor-element elementor-element-d7b7b01\" data-id=\"d7b7b01\" data-element_type=\"column\" data-e-type=\"column\" data-settings=\"{&quot;background_background&quot;:&quot;classic&quot;}\">\n\t\t\t<div class=\"elementor-widget-wrap elementor-element-populated\">\n\t\t\t\t\t\t<div class=\"elementor-element elementor-element-9ab8aea elementor-widget elementor-widget-heading\" data-id=\"9ab8aea\" data-element_type=\"widget\" data-e-type=\"widget\" data-widget_type=\"heading.default\">\n\t\t\t\t\t<h2 class=\"elementor-heading-title elementor-size-default\">Entr\u00e9e lat\u00e9rale Chrysler Grand Caravan FAQs<\/h2>\t\t\t\t<\/div>\n\t\t\t\t<div class=\"elementor-element elementor-element-ec8bc54 elementor-widget elementor-widget-accordion\" data-id=\"ec8bc54\" data-element_type=\"widget\" data-e-type=\"widget\" data-widget_type=\"accordion.default\">\n\t\t\t\t\t\t\t<div class=\"elementor-accordion\">\n\t\t\t\t\t\t\t<div class=\"elementor-accordion-item\">\n\t\t\t\t\t<div id=\"elementor-tab-title-2481\" class=\"elementor-tab-title\" data-tab=\"1\" role=\"button\" aria-controls=\"elementor-tab-content-2481\" aria-expanded=\"false\">\n\t\t\t\t\t\t\t\t\t\t\t\t\t<span class=\"elementor-accordion-icon elementor-accordion-icon-left\" aria-hidden=\"true\">\n\t\t\t\t\t\t\t\t\t\t\t\t\t\t\t<span class=\"elementor-accordion-icon-closed\"><i class=\"fas fa-plus\"><\/i><\/span>\n\t\t\t\t\t\t\t\t<span class=\"elementor-accordion-icon-opened\"><i class=\"fas fa-minus\"><\/i><\/span>\n\t\t\t\t\t\t\t\t\t\t\t\t\t\t<\/span>\n\t\t\t\t\t\t\t\t\t\t\t\t<a class=\"elementor-accordion-title\" tabindex=\"0\">La rampe est-elle lourde \u00e0 d\u00e9plier et \u00e0 replier ?<\/a>\n\t\t\t\t\t<\/div>\n\t\t\t\t\t<div id=\"elementor-tab-content-2481\" class=\"elementor-tab-content elementor-clearfix\" data-tab=\"1\" role=\"region\" aria-labelledby=\"elementor-tab-title-2481\"><p><span style=\"font-weight: 400;\">L'assistance par ressort \u00e9limine l'effort physique n\u00e9cessaire pour d\u00e9plier et replier la rampe.<\/span><\/p><\/div>\n\t\t\t\t<\/div>\n\t\t\t\t\t\t\t<div class=\"elementor-accordion-item\">\n\t\t\t\t\t<div id=\"elementor-tab-title-2482\" class=\"elementor-tab-title\" data-tab=\"2\" role=\"button\" aria-controls=\"elementor-tab-content-2482\" aria-expanded=\"false\">\n\t\t\t\t\t\t\t\t\t\t\t\t\t<span class=\"elementor-accordion-icon elementor-accordion-icon-left\" aria-hidden=\"true\">\n\t\t\t\t\t\t\t\t\t\t\t\t\t\t\t<span class=\"elementor-accordion-icon-closed\"><i class=\"fas fa-plus\"><\/i><\/span>\n\t\t\t\t\t\t\t\t<span class=\"elementor-accordion-icon-opened\"><i class=\"fas fa-minus\"><\/i><\/span>\n\t\t\t\t\t\t\t\t\t\t\t\t\t\t<\/span>\n\t\t\t\t\t\t\t\t\t\t\t\t<a class=\"elementor-accordion-title\" tabindex=\"0\">Pouvez-vous convertir des Chrysler Grand Caravans d'occasion ?<\/a>\n\t\t\t\t\t<\/div>\n\t\t\t\t\t<div id=\"elementor-tab-content-2482\" class=\"elementor-tab-content elementor-clearfix\" data-tab=\"2\" role=\"region\" aria-labelledby=\"elementor-tab-title-2482\"><p><span style=\"font-weight: 400;\">\u00c0 l'heure actuelle, la conversion de fourgonnettes commerciales \u00e0 acc\u00e8s lat\u00e9ral est disponible pour les Chrysler Grand Caravan fournies par le fabricant. Il n'est actuellement pas possible de convertir un v\u00e9hicule fourni par le client en fourgon \u00e0 acc\u00e8s lat\u00e9ral.<\/span><\/p><\/div>\n\t\t\t\t<\/div>\n\t\t\t\t\t\t\t\t<\/div>\n\t\t\t\t\t\t<\/div>\n\t\t\t\t\t<\/div>\n\t\t<\/div>\n\t\t\t\t\t<\/div>\n\t\t<\/section>\n\t\t\t\t<section class=\"elementor-section elementor-top-section elementor-element elementor-element-95cfb25 elementor-section-boxed elementor-section-height-default elementor-section-height-default\" data-id=\"95cfb25\" data-element_type=\"section\" data-e-type=\"section\" id=\"submit-form\" data-settings=\"{&quot;background_background&quot;:&quot;classic&quot;}\">\n\t\t\t\t\t\t<div class=\"elementor-container elementor-column-gap-no\">\n\t\t\t\t\t<div class=\"elementor-column elementor-col-100 elementor-top-column elementor-element elementor-element-a2d7623\" data-id=\"a2d7623\" data-element_type=\"column\" data-e-type=\"column\">\n\t\t\t<div class=\"elementor-widget-wrap elementor-element-populated\">\n\t\t\t\t\t\t<div class=\"elementor-element elementor-element-0153ce6 elementor-widget elementor-widget-heading\" data-id=\"0153ce6\" data-element_type=\"widget\" data-e-type=\"widget\" data-widget_type=\"heading.default\">\n\t\t\t\t\t<h2 class=\"elementor-heading-title elementor-size-default\">Vous souhaitez obtenir plus d'informations sur les monospaces accessibles aux fauteuils roulants ou sur les prix ?<\/h2>\t\t\t\t<\/div>\n\t\t\t\t<div class=\"elementor-element elementor-element-fb3c12b elementor-widget elementor-widget-text-editor\" data-id=\"fb3c12b\" data-element_type=\"widget\" data-e-type=\"widget\" data-widget_type=\"text-editor.default\">\n\t\t\t\t\t\t\t\t\t<p style=\"text-align: center;\">Contactez MoveMobility en utilisant le formulaire ci-dessous et notre \u00e9quipe de sp\u00e9cialistes en mobilit\u00e9 commerciale vous contactera dans les plus brefs d\u00e9lais.<\/p>\t\t\t\t\t\t\t\t<\/div>\n\t\t\t\t<div class=\"elementor-element elementor-element-a6871e7 elementor-widget elementor-widget-global elementor-global-85795 elementor-widget-text-editor\" data-id=\"a6871e7\" data-element_type=\"widget\" data-e-type=\"widget\" data-widget_type=\"text-editor.default\">\n\t\t\t\t\t\t\t\t\t<p style=\"text-align: center;\"><span style=\"text-decoration: underline;\"><span style=\"color: #8cc63e;\"><a style=\"color: #8cc63e;\" href=\"#what-happens\"><em>Que se passe-t-il si je soumets ce formulaire ?<\/em><\/a><\/span><\/span><\/p>\t\t\t\t\t\t\t\t<\/div>\n\t\t\t\t<div class=\"elementor-element elementor-element-f783b15 elementor-widget elementor-widget-shortcode\" data-id=\"f783b15\" data-element_type=\"widget\" data-e-type=\"widget\" data-widget_type=\"shortcode.default\">\n\t\t\t\t\t\t\t<div class=\"elementor-shortcode\"><script charset=\"utf-8\" type=\"text\/javascript\" src=\"\/\/js.hsforms.net\/forms\/v2.js\"><\/script>\n<script>\n  hbspt.forms.create({\n    region: \"na1\",\n    portalId: \"7453624\",\n    formId: \"022c48df-8f27-43f7-a280-0d45b26fc3c6\",\n    sfdcCampaignId: \"7011Y000001ttN0QAI\"\n  });\n<\/script><\/div>\n\t\t\t\t\t\t<\/div>\n\t\t\t\t\t<\/div>\n\t\t<\/div>\n\t\t\t\t\t<\/div>\n\t\t<\/section>\n\t\t\t\t<\/div>","protected":false},"excerpt":{"rendered":"<p>Thank you for taking our quizBased on your answers, this are the vehicles that best fit your needs&#8230; Side Entry Chrysler Grand Caravan The Side Entry Chrysler Grand Caravan wheelchair van is a great option for you if you&#8217;re a transport program that needs side entry access. This commercial side entry wheelchair van has up [&hellip;]<\/p>\n","protected":false},"author":26,"featured_media":0,"parent":0,"menu_order":0,"comment_status":"closed","ping_status":"closed","template":"","meta":{"content-type":"","footnotes":""},"class_list":["post-195454","page","type-page","status-publish","hentry"],"yoast_head":"<!-- This site is optimized with the Yoast SEO plugin v27.1.1 - https:\/\/yoast.com\/product\/yoast-seo-wordpress\/ -->\n<title>Side Entry Dodge Grand Caravan Wheelchair Vans<\/title>\n<meta name=\"description\" content=\"The Side Entry Dodge Grand Caravan wheelchair van offers many options when considering entry, from in-floor or fold out ramps, to power or manual operation.\" \/>\n<meta name=\"robots\" content=\"index, follow, max-snippet:-1, max-image-preview:large, max-video-preview:-1\" \/>\n<link rel=\"canonical\" href=\"https:\/\/movemobility.ca\/side-entry-dodge-grand-caravan-rec\/\" \/>\n<meta property=\"og:locale\" content=\"fr_CA\" \/>\n<meta property=\"og:type\" content=\"article\" \/>\n<meta property=\"og:title\" content=\"Side Entry Dodge Grand Caravan Wheelchair Vans\" \/>\n<meta property=\"og:description\" content=\"The Side Entry Dodge Grand Caravan wheelchair van offers many options when considering entry, from in-floor or fold out ramps, to power or manual operation.\" \/>\n<meta property=\"og:url\" content=\"https:\/\/movemobility.ca\/side-entry-dodge-grand-caravan-rec\/\" \/>\n<meta property=\"og:site_name\" content=\"MoveMobility\" \/>\n<meta property=\"article:publisher\" content=\"https:\/\/www.facebook.com\/mobilitymove\/\" \/>\n<meta property=\"article:modified_time\" content=\"2024-06-28T20:19:25+00:00\" \/>\n<meta property=\"og:image\" content=\"https:\/\/movemobility.ca\/wp-content\/uploads\/2022\/11\/Side-Entry-Chrysler-Grand-Caravan.jpg\" \/>\n<meta name=\"twitter:card\" content=\"summary_large_image\" \/>\n<meta name=\"twitter:site\" content=\"@mobility_move\" \/>\n<meta name=\"twitter:label1\" content=\"Estimation du temps de lecture\" \/>\n\t<meta name=\"twitter:data1\" content=\"3 minutes\" \/>\n<script type=\"application\/ld+json\" class=\"yoast-schema-graph\">{\"@context\":\"https:\/\/schema.org\",\"@graph\":[{\"@type\":\"WebPage\",\"@id\":\"https:\/\/movemobility.ca\/side-entry-dodge-grand-caravan-rec\/\",\"url\":\"https:\/\/movemobility.ca\/side-entry-dodge-grand-caravan-rec\/\",\"name\":\"Side Entry Dodge Grand Caravan Wheelchair Vans\",\"isPartOf\":{\"@id\":\"https:\/\/movemobility.ca\/#website\"},\"primaryImageOfPage\":{\"@id\":\"https:\/\/movemobility.ca\/side-entry-dodge-grand-caravan-rec\/#primaryimage\"},\"image\":{\"@id\":\"https:\/\/movemobility.ca\/side-entry-dodge-grand-caravan-rec\/#primaryimage\"},\"thumbnailUrl\":\"https:\/\/www.movemobility.ca\/wp-content\/uploads\/2022\/11\/Side-Entry-Chrysler-Grand-Caravan.jpg\",\"datePublished\":\"2024-06-28T20:18:23+00:00\",\"dateModified\":\"2024-06-28T20:19:25+00:00\",\"description\":\"The Side Entry Dodge Grand Caravan wheelchair van offers many options when considering entry, from in-floor or fold out ramps, to power or manual operation.\",\"breadcrumb\":{\"@id\":\"https:\/\/movemobility.ca\/side-entry-dodge-grand-caravan-rec\/#breadcrumb\"},\"inLanguage\":\"fr-CA\",\"potentialAction\":[{\"@type\":\"ReadAction\",\"target\":[\"https:\/\/movemobility.ca\/side-entry-dodge-grand-caravan-rec\/\"]}]},{\"@type\":\"ImageObject\",\"inLanguage\":\"fr-CA\",\"@id\":\"https:\/\/movemobility.ca\/side-entry-dodge-grand-caravan-rec\/#primaryimage\",\"url\":\"https:\/\/www.movemobility.ca\/wp-content\/uploads\/2022\/11\/Side-Entry-Chrysler-Grand-Caravan.jpg\",\"contentUrl\":\"https:\/\/www.movemobility.ca\/wp-content\/uploads\/2022\/11\/Side-Entry-Chrysler-Grand-Caravan.jpg\"},{\"@type\":\"BreadcrumbList\",\"@id\":\"https:\/\/movemobility.ca\/side-entry-dodge-grand-caravan-rec\/#breadcrumb\",\"itemListElement\":[{\"@type\":\"ListItem\",\"position\":1,\"name\":\"Wheelchair Accessible Vans &amp; Medical Vehicles\",\"item\":\"https:\/\/www.movemobility.ca\/\"},{\"@type\":\"ListItem\",\"position\":2,\"name\":\"Side Entry Dodge Grand Caravan Recommendation\"}]},{\"@type\":\"WebSite\",\"@id\":\"https:\/\/movemobility.ca\/#website\",\"url\":\"https:\/\/movemobility.ca\/\",\"name\":\"MoveMobility\",\"description\":\"Wheelchair Accessible Vans &amp; Medical Vehicles\",\"publisher\":{\"@id\":\"https:\/\/movemobility.ca\/#organization\"},\"potentialAction\":[{\"@type\":\"SearchAction\",\"target\":{\"@type\":\"EntryPoint\",\"urlTemplate\":\"https:\/\/movemobility.ca\/?s={search_term_string}\"},\"query-input\":{\"@type\":\"PropertyValueSpecification\",\"valueRequired\":true,\"valueName\":\"search_term_string\"}}],\"inLanguage\":\"fr-CA\"},{\"@type\":\"Organization\",\"@id\":\"https:\/\/movemobility.ca\/#organization\",\"name\":\"MoveMobility\",\"url\":\"https:\/\/movemobility.ca\/\",\"logo\":{\"@type\":\"ImageObject\",\"inLanguage\":\"fr-CA\",\"@id\":\"https:\/\/movemobility.ca\/#\/schema\/logo\/image\/\",\"url\":\"https:\/\/www.movemobility.ca\/wp-content\/uploads\/2021\/06\/MM_logo_Stacked-LG.png\",\"contentUrl\":\"https:\/\/www.movemobility.ca\/wp-content\/uploads\/2021\/06\/MM_logo_Stacked-LG.png\",\"width\":444,\"height\":114,\"caption\":\"MoveMobility\"},\"image\":{\"@id\":\"https:\/\/movemobility.ca\/#\/schema\/logo\/image\/\"},\"sameAs\":[\"https:\/\/www.facebook.com\/mobilitymove\/\",\"https:\/\/x.com\/mobility_move\",\"https:\/\/www.linkedin.com\/company\/3961770\/\",\"https:\/\/www.youtube.com\/channel\/UCiW-UIxjD6wjjX-7KS4z22g\/\"]}]}<\/script>\n<!-- \/ Yoast SEO plugin. -->","yoast_head_json":{"title":"Fourgons \u00e0 entr\u00e9e lat\u00e9rale Dodge Grand Caravan pour fauteuils roulants","description":"La fourgonnette pour fauteuil roulant Dodge Grand Caravan \u00e0 acc\u00e8s lat\u00e9ral offre de nombreuses options en mati\u00e8re d'acc\u00e8s, qu'il s'agisse de rampes encastr\u00e9es dans le plancher ou de rampes d\u00e9pliables, ou encore d'un fonctionnement \u00e9lectrique ou manuel.","robots":{"index":"index","follow":"follow","max-snippet":"max-snippet:-1","max-image-preview":"max-image-preview:large","max-video-preview":"max-video-preview:-1"},"canonical":"https:\/\/movemobility.ca\/side-entry-dodge-grand-caravan-rec\/","og_locale":"fr_CA","og_type":"article","og_title":"Side Entry Dodge Grand Caravan Wheelchair Vans","og_description":"The Side Entry Dodge Grand Caravan wheelchair van offers many options when considering entry, from in-floor or fold out ramps, to power or manual operation.","og_url":"https:\/\/movemobility.ca\/side-entry-dodge-grand-caravan-rec\/","og_site_name":"MoveMobility","article_publisher":"https:\/\/www.facebook.com\/mobilitymove\/","article_modified_time":"2024-06-28T20:19:25+00:00","og_image":[{"url":"https:\/\/movemobility.ca\/wp-content\/uploads\/2022\/11\/Side-Entry-Chrysler-Grand-Caravan.jpg","type":"","width":"","height":""}],"twitter_card":"summary_large_image","twitter_site":"@mobility_move","twitter_misc":{"Estimation du temps de lecture":"3 minutes"},"schema":{"@context":"https:\/\/schema.org","@graph":[{"@type":"WebPage","@id":"https:\/\/movemobility.ca\/side-entry-dodge-grand-caravan-rec\/","url":"https:\/\/movemobility.ca\/side-entry-dodge-grand-caravan-rec\/","name":"Fourgons \u00e0 entr\u00e9e lat\u00e9rale Dodge Grand Caravan pour fauteuils roulants","isPartOf":{"@id":"https:\/\/movemobility.ca\/#website"},"primaryImageOfPage":{"@id":"https:\/\/movemobility.ca\/side-entry-dodge-grand-caravan-rec\/#primaryimage"},"image":{"@id":"https:\/\/movemobility.ca\/side-entry-dodge-grand-caravan-rec\/#primaryimage"},"thumbnailUrl":"https:\/\/www.movemobility.ca\/wp-content\/uploads\/2022\/11\/Side-Entry-Chrysler-Grand-Caravan.jpg","datePublished":"2024-06-28T20:18:23+00:00","dateModified":"2024-06-28T20:19:25+00:00","description":"La fourgonnette pour fauteuil roulant Dodge Grand Caravan \u00e0 acc\u00e8s lat\u00e9ral offre de nombreuses options en mati\u00e8re d'acc\u00e8s, qu'il s'agisse de rampes encastr\u00e9es dans le plancher ou de rampes d\u00e9pliables, ou encore d'un fonctionnement \u00e9lectrique ou manuel.","breadcrumb":{"@id":"https:\/\/movemobility.ca\/side-entry-dodge-grand-caravan-rec\/#breadcrumb"},"inLanguage":"fr-CA","potentialAction":[{"@type":"ReadAction","target":["https:\/\/movemobility.ca\/side-entry-dodge-grand-caravan-rec\/"]}]},{"@type":"ImageObject","inLanguage":"fr-CA","@id":"https:\/\/movemobility.ca\/side-entry-dodge-grand-caravan-rec\/#primaryimage","url":"https:\/\/www.movemobility.ca\/wp-content\/uploads\/2022\/11\/Side-Entry-Chrysler-Grand-Caravan.jpg","contentUrl":"https:\/\/www.movemobility.ca\/wp-content\/uploads\/2022\/11\/Side-Entry-Chrysler-Grand-Caravan.jpg"},{"@type":"BreadcrumbList","@id":"https:\/\/movemobility.ca\/side-entry-dodge-grand-caravan-rec\/#breadcrumb","itemListElement":[{"@type":"ListItem","position":1,"name":"Wheelchair Accessible Vans &amp; Medical Vehicles","item":"https:\/\/www.movemobility.ca\/"},{"@type":"ListItem","position":2,"name":"Side Entry Dodge Grand Caravan Recommendation"}]},{"@type":"WebSite","@id":"https:\/\/movemobility.ca\/#website","url":"https:\/\/movemobility.ca\/","name":"MoveMobility","description":"Fourgons et v\u00e9hicules m\u00e9dicaux accessibles aux fauteuils roulants","publisher":{"@id":"https:\/\/movemobility.ca\/#organization"},"potentialAction":[{"@type":"SearchAction","target":{"@type":"EntryPoint","urlTemplate":"https:\/\/movemobility.ca\/?s={search_term_string}"},"query-input":{"@type":"PropertyValueSpecification","valueRequired":true,"valueName":"search_term_string"}}],"inLanguage":"fr-CA"},{"@type":"Organization","@id":"https:\/\/movemobility.ca\/#organization","name":"MoveMobility","url":"https:\/\/movemobility.ca\/","logo":{"@type":"ImageObject","inLanguage":"fr-CA","@id":"https:\/\/movemobility.ca\/#\/schema\/logo\/image\/","url":"https:\/\/www.movemobility.ca\/wp-content\/uploads\/2021\/06\/MM_logo_Stacked-LG.png","contentUrl":"https:\/\/www.movemobility.ca\/wp-content\/uploads\/2021\/06\/MM_logo_Stacked-LG.png","width":444,"height":114,"caption":"MoveMobility"},"image":{"@id":"https:\/\/movemobility.ca\/#\/schema\/logo\/image\/"},"sameAs":["https:\/\/www.facebook.com\/mobilitymove\/","https:\/\/x.com\/mobility_move","https:\/\/www.linkedin.com\/company\/3961770\/","https:\/\/www.youtube.com\/channel\/UCiW-UIxjD6wjjX-7KS4z22g\/"]}]}},"_links":{"self":[{"href":"https:\/\/www.movemobility.ca\/fr\/wp-json\/wp\/v2\/pages\/195454","targetHints":{"allow":["GET"]}}],"collection":[{"href":"https:\/\/www.movemobility.ca\/fr\/wp-json\/wp\/v2\/pages"}],"about":[{"href":"https:\/\/www.movemobility.ca\/fr\/wp-json\/wp\/v2\/types\/page"}],"author":[{"embeddable":true,"href":"https:\/\/www.movemobility.ca\/fr\/wp-json\/wp\/v2\/users\/26"}],"replies":[{"embeddable":true,"href":"https:\/\/www.movemobility.ca\/fr\/wp-json\/wp\/v2\/comments?post=195454"}],"version-history":[{"count":0,"href":"https:\/\/www.movemobility.ca\/fr\/wp-json\/wp\/v2\/pages\/195454\/revisions"}],"wp:attachment":[{"href":"https:\/\/www.movemobility.ca\/fr\/wp-json\/wp\/v2\/media?parent=195454"}],"curies":[{"name":"wp","href":"https:\/\/api.w.org\/{rel}","templated":true}]}}